{"id":29,"date":"2016-10-17T21:33:04","date_gmt":"2016-10-17T21:33:04","guid":{"rendered":"http:\/\/www.diechemiker.org\/V2\/?page_id=29"},"modified":"2025-07-28T14:17:34","modified_gmt":"2025-07-28T12:17:34","slug":"stv-chemie","status":"publish","type":"page","link":"https:\/\/diechemiker.org\/?page_id=29","title":{"rendered":"StV Chemie\/MatNano"},"content":{"rendered":"<h2 class=\"u2\"><img loading=\"lazy\" decoding=\"async\" class=\"wp-image-651  aligncenter\" src=\"https:\/\/diechemiker.org\/wp-content\/uploads\/2025\/07\/STV25-300x225.jpg\" alt=\"\" width=\"761\" height=\"571\" srcset=\"https:\/\/diechemiker.org\/wp-content\/uploads\/2025\/07\/STV25-300x225.jpg 300w, https:\/\/diechemiker.org\/wp-content\/uploads\/2025\/07\/STV25-1024x768.jpg 1024w, https:\/\/diechemiker.org\/wp-content\/uploads\/2025\/07\/STV25-768x576.jpg 768w, https:\/\/diechemiker.org\/wp-content\/uploads\/2025\/07\/STV25-1536x1152.jpg 1536w, https:\/\/diechemiker.org\/wp-content\/uploads\/2025\/07\/STV25-2048x1536.jpg 2048w\" sizes=\"auto, (max-width: 761px) 100vw, 761px\" \/><\/h2>\n<p>Seit dem 1. Juli 2025 f\u00fcr euch als StV im Einsatz:<\/p>\n<ul class=\"u2\">\n<li>Studer Chiara Anna-Lena (Vorsitzende)<\/li>\n<li>Rubisoier Tobias Christian\u00a0 (1. Stellvertreter)<\/li>\n<li>Schoffen Alexander\u00a0 (2. Stellvertreter)<\/li>\n<li>Berens Sascha<\/li>\n<li>Hefele Martin Josef (FStV)<\/li>\n<\/ul>\n<hr \/>\n<h2 class=\"u3\">Beratungszeiten<\/h2>\n<p>F\u00fcr alle Fragen rund um Uni und Studium kann gerne ein Termin \u00fcber unsere Mail vereinbart werden.<\/p>\n<hr \/>\n<h2 class=\"u3\">Au\u00dferdem sind wir immer erreichbar \u00fcber:<\/h2>\n<p class=\"u3\">E-Mail-Adresse:\u00a0<a href=\"mailto:stv-chemie-oeh@uibk.ac.at\">stv-chemie-oeh@uibk.ac.at<\/a><\/p>\n<p class=\"u3\">Facebook: https:\/\/www.facebook.com\/StudienvertretungChemieInnsbruck\/<\/p>\n<p>Instagram: <a href=\"https:\/\/www.instagram.com\/stv_chemie_uibk\/\">stv_chemie_uibk<\/a><\/p>\n<hr \/>\n<h2 class=\"u3\">Rechtliches \/ Impressum<\/h2>\n<p class=\"u3\"><a href=\"http:\/\/www.diechemiker.org\/V2\/wp-content\/uploads\/2021\/11\/Impressum-StV-Chemie.pdf\">impressum-stv-chemie<\/a><\/p>\n","protected":false},"excerpt":{"rendered":"<p>Seit dem 1. Juli 2025 f\u00fcr euch als StV im Einsatz: Studer Chiara Anna-Lena (Vorsitzende) Rubisoier Tobias Christian\u00a0 (1. Stellvertreter) Schoffen Alexander\u00a0 (2. Stellvertreter) Berens Sascha Hefele Martin Josef (FStV) Beratungszeiten F\u00fcr alle Fragen rund um Uni und Studium kann gerne ein Termin \u00fcber unsere Mail vereinbart werden. Au\u00dferdem sind wir immer erreichbar \u00fcber: E-Mail-Adresse:\u00a0stv-chemie-oeh@uibk.ac.at [&hellip;]<\/p>\n","protected":false},"author":1,"featured_media":0,"parent":0,"menu_order":0,"comment_status":"closed","ping_status":"closed","template":"","meta":{"_bbp_topic_count":0,"_bbp_reply_count":0,"_bbp_total_topic_count":0,"_bbp_total_reply_count":0,"_bbp_voice_count":0,"_bbp_anonymous_reply_count":0,"_bbp_topic_count_hidden":0,"_bbp_reply_count_hidden":0,"_bbp_forum_subforum_count":0,"footnotes":""},"class_list":["post-29","page","type-page","status-publish","hentry"],"_links":{"self":[{"href":"https:\/\/diechemiker.org\/index.php?rest_route=\/wp\/v2\/pages\/29","targetHints":{"allow":["GET"]}}],"collection":[{"href":"https:\/\/diechemiker.org\/index.php?rest_route=\/wp\/v2\/pages"}],"about":[{"href":"https:\/\/diechemiker.org\/index.php?rest_route=\/wp\/v2\/types\/page"}],"author":[{"embeddable":true,"href":"https:\/\/diechemiker.org\/index.php?rest_route=\/wp\/v2\/users\/1"}],"replies":[{"embeddable":true,"href":"https:\/\/diechemiker.org\/index.php?rest_route=%2Fwp%2Fv2%2Fcomments&post=29"}],"version-history":[{"count":45,"href":"https:\/\/diechemiker.org\/index.php?rest_route=\/wp\/v2\/pages\/29\/revisions"}],"predecessor-version":[{"id":655,"href":"https:\/\/diechemiker.org\/index.php?rest_route=\/wp\/v2\/pages\/29\/revisions\/655"}],"wp:attachment":[{"href":"https:\/\/diechemiker.org\/index.php?rest_route=%2Fwp%2Fv2%2Fmedia&parent=29"}],"curies":[{"name":"wp","href":"https:\/\/api.w.org\/{rel}","templated":true}]}}